{"id":1102,"date":"2019-10-29T11:16:39","date_gmt":"2019-10-29T11:16:39","guid":{"rendered":"http:\/\/alerion-avocat.eliott-markus.digital\/avocat\/nicolas-kompf\/"},"modified":"2026-01-13T10:58:31","modified_gmt":"2026-01-13T10:58:31","slug":"nicola-kompf","status":"publish","type":"avocat","link":"https:\/\/www.alerionavocats.com\/de\/avocat\/nicola-kompf\/","title":{"rendered":"Nicola K\u00f6mpf"},"content":{"rendered":"\n<p>Nicola K\u00f6mpf ist in Paris und Berlin als Rechtsanw\u00e4ltin zugelassen. Ihre T\u00e4tigkeitsschwerpunkte liegen im deutschen und franz\u00f6sischen Handels- und Gesellschaftsrecht. Sie ist beratend t\u00e4tig, vertritt jedoch auch ihre Mandanten vor allen frz. Gerichten und Schiedsgerichten. Ihre anerkannte St\u00e4rke liegt insbesondere in der Verhandlung und Verfassung von Vertr\u00e4gen, im Handels- und Gesellschaftsrecht, im Arbeits- und Insolvenzrecht, sowie in der Vertretung der Mandanten in Gerichts -und Schiedsverfahren. Sie begleitet insbesondere deutsche und franz\u00f6sische Unternehmen bei ihren Gesch\u00e4ftst\u00e4tigkeiten auf dem deutsch-franz\u00f6sischen und internationalen Markt.<\/p>\n\n\n\n<p>Als Rechtsanw\u00e4ltin zugelassen bei der Rechtsanwaltskammer Paris seit 1993, hat Nicola K\u00f6mpf ihre Karriere als Mitarbeiterin der Kanzlei Bernard Hertz B\u00e9jot begonnen und hat parallel ein deutsches Aufbaustudium absolviert, um 1997 als deutsche Rechtsanw\u00e4ltin bei der Rechtsanwaltskammer Berlin zugelassen zu werden. Partnerin ab 2000 bei Bernard Hertz B\u00e9jot, hat Nicola im Mai 2011 zu PDGB gewechselt, um dort die Verantwortung f\u00fcr den deutsch-franz\u00f6sischen Bereich zu \u00fcbernehmen.<br>Seit Oktober 2015 ist sie als Partnerin und Head of German Desk bei Alerion t\u00e4tig.<\/p>\n\n\n\n<p>Nicola K\u00f6mpf hat einen Master im Privatrecht (Universit\u00e4t Paris I-Sorbonne, 1990) einen Master im Handels- und Gesellschaftsrecht (Universit\u00e4t Paris I-Sorbonne, 1991) absolviert und zahlreiche rechtsvergleichende Artikel ver\u00f6ffentlicht.<\/p>\n\n\n\n<p>Sie ist Mitglied des Deutschen Anwaltsverein (DAV), Mitglied des Vorstands der Deutsch-Franz\u00f6sischen Juristenvereinigung (DFJ), Mitglied der \u201eAssociation des Juristes Fran\u00e7ais et Allemands\u201c (AJFA), Mitglied der \u201eAssociation d\u2019avocats allemands inscrits \u00e0 un barreau \u00e9tranger\u201c, und Vize Pr\u00e4sidentin des Rechtsausschusses der Deutsch-Franz\u00f6sischen Handelskammer, Paris.<\/p>\n\n\n\n<p>Sie ist ebenfalls Mitglied der IBA (International Bar Association).<\/p>\n","protected":false},"featured_media":1104,"template":"","class_list":["post-1102","avocat","type-avocat","status-publish","has-post-thumbnail","hentry"],"acf":[],"yoast_head":"<!-- This site is optimized with the Yoast SEO plugin v27.3 - https:\/\/yoast.com\/product\/yoast-seo-wordpress\/ -->\n<title>Nicola K\u00f6mpf - Alerion Avocats Paris<\/title>\n<meta name=\"robots\" content=\"index, follow, max-snippet:-1, max-image-preview:large, max-video-preview:-1\" \/>\n<link rel=\"canonical\" href=\"https:\/\/www.alerionavocats.com\/de\/avocat\/nicola-kompf\/\" \/>\n<meta property=\"og:locale\" content=\"de_DE\" \/>\n<meta property=\"og:type\" content=\"article\" \/>\n<meta property=\"og:title\" content=\"Nicola K\u00f6mpf - Alerion Avocats Paris\" \/>\n<meta property=\"og:description\" content=\"Nicola K\u00f6mpf ist in Paris und Berlin als Rechtsanw\u00e4ltin zugelassen. Ihre T\u00e4tigkeitsschwerpunkte liegen im deutschen und franz\u00f6sischen Handels- und Gesellschaftsrecht. Sie ist beratend t\u00e4tig, vertritt jedoch auch ihre Mandanten vor allen frz. Gerichten und Schiedsgerichten. Ihre anerkannte St\u00e4rke liegt insbesondere in der Verhandlung und Verfassung von Vertr\u00e4gen, im Handels- und Gesellschaftsrecht, im Arbeits- und Insolvenzrecht, [&hellip;]\" \/>\n<meta property=\"og:url\" content=\"https:\/\/www.alerionavocats.com\/de\/avocat\/nicola-kompf\/\" \/>\n<meta property=\"og:site_name\" content=\"Alerion Avocats Paris\" \/>\n<meta property=\"article:modified_time\" content=\"2026-01-13T10:58:31+00:00\" \/>\n<meta property=\"og:image\" content=\"https:\/\/www.alerionavocats.com\/wp-content\/uploads\/2019\/10\/alerion_photo_12.jpg\" \/>\n\t<meta property=\"og:image:width\" content=\"450\" \/>\n\t<meta property=\"og:image:height\" content=\"584\" \/>\n\t<meta property=\"og:image:type\" content=\"image\/jpeg\" \/>\n<meta name=\"twitter:card\" content=\"summary_large_image\" \/>\n<meta name=\"twitter:label1\" content=\"Gesch\u00e4tzte Lesezeit\" \/>\n\t<meta name=\"twitter:data1\" content=\"2\u00a0Minuten\" \/>\n<script type=\"application\/ld+json\" class=\"yoast-schema-graph\">{\"@context\":\"https:\\\/\\\/schema.org\",\"@graph\":[{\"@type\":\"WebPage\",\"@id\":\"https:\\\/\\\/www.alerionavocats.com\\\/de\\\/avocat\\\/nicola-kompf\\\/\",\"url\":\"https:\\\/\\\/www.alerionavocats.com\\\/de\\\/avocat\\\/nicola-kompf\\\/\",\"name\":\"Nicola K\u00f6mpf - Alerion Avocats Paris\",\"isPartOf\":{\"@id\":\"https:\\\/\\\/www.alerionavocats.com\\\/#website\"},\"primaryImageOfPage\":{\"@id\":\"https:\\\/\\\/www.alerionavocats.com\\\/de\\\/avocat\\\/nicola-kompf\\\/#primaryimage\"},\"image\":{\"@id\":\"https:\\\/\\\/www.alerionavocats.com\\\/de\\\/avocat\\\/nicola-kompf\\\/#primaryimage\"},\"thumbnailUrl\":\"https:\\\/\\\/www.alerionavocats.com\\\/wp-content\\\/uploads\\\/2019\\\/10\\\/alerion_photo_12.jpg\",\"datePublished\":\"2019-10-29T11:16:39+00:00\",\"dateModified\":\"2026-01-13T10:58:31+00:00\",\"breadcrumb\":{\"@id\":\"https:\\\/\\\/www.alerionavocats.com\\\/de\\\/avocat\\\/nicola-kompf\\\/#breadcrumb\"},\"inLanguage\":\"de\",\"potentialAction\":[{\"@type\":\"ReadAction\",\"target\":[\"https:\\\/\\\/www.alerionavocats.com\\\/de\\\/avocat\\\/nicola-kompf\\\/\"]}]},{\"@type\":\"ImageObject\",\"inLanguage\":\"de\",\"@id\":\"https:\\\/\\\/www.alerionavocats.com\\\/de\\\/avocat\\\/nicola-kompf\\\/#primaryimage\",\"url\":\"https:\\\/\\\/www.alerionavocats.com\\\/wp-content\\\/uploads\\\/2019\\\/10\\\/alerion_photo_12.jpg\",\"contentUrl\":\"https:\\\/\\\/www.alerionavocats.com\\\/wp-content\\\/uploads\\\/2019\\\/10\\\/alerion_photo_12.jpg\",\"width\":450,\"height\":584},{\"@type\":\"BreadcrumbList\",\"@id\":\"https:\\\/\\\/www.alerionavocats.com\\\/de\\\/avocat\\\/nicola-kompf\\\/#breadcrumb\",\"itemListElement\":[{\"@type\":\"ListItem\",\"position\":1,\"name\":\"Home\",\"item\":\"https:\\\/\\\/www.alerionavocats.com\\\/de\\\/\"},{\"@type\":\"ListItem\",\"position\":2,\"name\":\"Nicola K\u00f6mpf\"}]},{\"@type\":\"WebSite\",\"@id\":\"https:\\\/\\\/www.alerionavocats.com\\\/#website\",\"url\":\"https:\\\/\\\/www.alerionavocats.com\\\/\",\"name\":\"Alerion Avocats Paris\",\"description\":\"Alerion Avocats Paris\",\"potentialAction\":[{\"@type\":\"SearchAction\",\"target\":{\"@type\":\"EntryPoint\",\"urlTemplate\":\"https:\\\/\\\/www.alerionavocats.com\\\/?s={search_term_string}\"},\"query-input\":{\"@type\":\"PropertyValueSpecification\",\"valueRequired\":true,\"valueName\":\"search_term_string\"}}],\"inLanguage\":\"de\"}]}<\/script>\n<!-- \/ Yoast SEO plugin. -->","yoast_head_json":{"title":"Nicola K\u00f6mpf - Alerion Avocats Paris","robots":{"index":"index","follow":"follow","max-snippet":"max-snippet:-1","max-image-preview":"max-image-preview:large","max-video-preview":"max-video-preview:-1"},"canonical":"https:\/\/www.alerionavocats.com\/de\/avocat\/nicola-kompf\/","og_locale":"de_DE","og_type":"article","og_title":"Nicola K\u00f6mpf - Alerion Avocats Paris","og_description":"Nicola K\u00f6mpf ist in Paris und Berlin als Rechtsanw\u00e4ltin zugelassen. Ihre T\u00e4tigkeitsschwerpunkte liegen im deutschen und franz\u00f6sischen Handels- und Gesellschaftsrecht. Sie ist beratend t\u00e4tig, vertritt jedoch auch ihre Mandanten vor allen frz. Gerichten und Schiedsgerichten. Ihre anerkannte St\u00e4rke liegt insbesondere in der Verhandlung und Verfassung von Vertr\u00e4gen, im Handels- und Gesellschaftsrecht, im Arbeits- und Insolvenzrecht, [&hellip;]","og_url":"https:\/\/www.alerionavocats.com\/de\/avocat\/nicola-kompf\/","og_site_name":"Alerion Avocats Paris","article_modified_time":"2026-01-13T10:58:31+00:00","og_image":[{"width":450,"height":584,"url":"https:\/\/www.alerionavocats.com\/wp-content\/uploads\/2019\/10\/alerion_photo_12.jpg","type":"image\/jpeg"}],"twitter_card":"summary_large_image","twitter_misc":{"Gesch\u00e4tzte Lesezeit":"2\u00a0Minuten"},"schema":{"@context":"https:\/\/schema.org","@graph":[{"@type":"WebPage","@id":"https:\/\/www.alerionavocats.com\/de\/avocat\/nicola-kompf\/","url":"https:\/\/www.alerionavocats.com\/de\/avocat\/nicola-kompf\/","name":"Nicola K\u00f6mpf - Alerion Avocats Paris","isPartOf":{"@id":"https:\/\/www.alerionavocats.com\/#website"},"primaryImageOfPage":{"@id":"https:\/\/www.alerionavocats.com\/de\/avocat\/nicola-kompf\/#primaryimage"},"image":{"@id":"https:\/\/www.alerionavocats.com\/de\/avocat\/nicola-kompf\/#primaryimage"},"thumbnailUrl":"https:\/\/www.alerionavocats.com\/wp-content\/uploads\/2019\/10\/alerion_photo_12.jpg","datePublished":"2019-10-29T11:16:39+00:00","dateModified":"2026-01-13T10:58:31+00:00","breadcrumb":{"@id":"https:\/\/www.alerionavocats.com\/de\/avocat\/nicola-kompf\/#breadcrumb"},"inLanguage":"de","potentialAction":[{"@type":"ReadAction","target":["https:\/\/www.alerionavocats.com\/de\/avocat\/nicola-kompf\/"]}]},{"@type":"ImageObject","inLanguage":"de","@id":"https:\/\/www.alerionavocats.com\/de\/avocat\/nicola-kompf\/#primaryimage","url":"https:\/\/www.alerionavocats.com\/wp-content\/uploads\/2019\/10\/alerion_photo_12.jpg","contentUrl":"https:\/\/www.alerionavocats.com\/wp-content\/uploads\/2019\/10\/alerion_photo_12.jpg","width":450,"height":584},{"@type":"BreadcrumbList","@id":"https:\/\/www.alerionavocats.com\/de\/avocat\/nicola-kompf\/#breadcrumb","itemListElement":[{"@type":"ListItem","position":1,"name":"Home","item":"https:\/\/www.alerionavocats.com\/de\/"},{"@type":"ListItem","position":2,"name":"Nicola K\u00f6mpf"}]},{"@type":"WebSite","@id":"https:\/\/www.alerionavocats.com\/#website","url":"https:\/\/www.alerionavocats.com\/","name":"Alerion Avocats Paris","description":"Alerion Avocats Paris","potentialAction":[{"@type":"SearchAction","target":{"@type":"EntryPoint","urlTemplate":"https:\/\/www.alerionavocats.com\/?s={search_term_string}"},"query-input":{"@type":"PropertyValueSpecification","valueRequired":true,"valueName":"search_term_string"}}],"inLanguage":"de"}]}},"_links":{"self":[{"href":"https:\/\/www.alerionavocats.com\/de\/wp-json\/wp\/v2\/avocat\/1102","targetHints":{"allow":["GET"]}}],"collection":[{"href":"https:\/\/www.alerionavocats.com\/de\/wp-json\/wp\/v2\/avocat"}],"about":[{"href":"https:\/\/www.alerionavocats.com\/de\/wp-json\/wp\/v2\/types\/avocat"}],"wp:featuredmedia":[{"embeddable":true,"href":"https:\/\/www.alerionavocats.com\/de\/wp-json\/wp\/v2\/media\/1104"}],"wp:attachment":[{"href":"https:\/\/www.alerionavocats.com\/de\/wp-json\/wp\/v2\/media?parent=1102"}],"curies":[{"name":"wp","href":"https:\/\/api.w.org\/{rel}","templated":true}]}}